{"id":9,"date":"2026-03-02T08:45:53","date_gmt":"2026-03-02T07:45:53","guid":{"rendered":"https:\/\/site28.monsitecommeunpro.fr\/?page_id=9"},"modified":"2026-04-27T11:45:41","modified_gmt":"2026-04-27T09:45:41","slug":"page-daccueil","status":"publish","type":"page","link":"https:\/\/site28.monsitecommeunpro.fr\/","title":{"rendered":"Page d&rsquo;accueil"},"content":{"rendered":"\n<h1 class=\"wp-block-heading\">\ud83c\udfe0 CR IMMOBILIER<\/h1>\n\n\n\n<h2 class=\"wp-block-heading\">Fermeture exceptionnelle \u2013 Pont de l\u2019Ascension<\/h2>\n\n\n\n<p>\u00c0 l\u2019occasion du pont de l\u2019Ascension, notre agence&nbsp;<strong>CR IMMOBILIER<\/strong>&nbsp;sera exceptionnellement ferm\u00e9e pendant 4 jours :<\/p>\n\n\n\n<p class=\"has-luminous-vivid-amber-color has-text-color has-link-color has-medium-font-size wp-elements-049a0c99c26de074bfcdc5a64a720689\"><strong>Du jeudi 14 mai au dimanche 17 mai inclus.<\/strong><\/p>\n\n\n\n<p>Nous vous remercions pour votre compr\u00e9hension et restons disponibles avant et apr\u00e8s cette p\u00e9riode pour tous vos projets immobiliers.<\/p>\n\n\n\n<p class=\"has-medium-font-size\"><strong><em><mark style=\"background-color:rgba(0, 0, 0, 0)\" class=\"has-inline-color has-ast-global-color-7-color\"><a href=\"https:\/\/site28.monsitecommeunpro.fr\/?page_id=201\">Voir notre offre <\/a><\/mark><\/em><\/strong><\/p>\n\n\n\n<h3 class=\"wp-block-heading\">Votre agence immobili\u00e8re de confiance \u00e0 Sedan<\/h3>\n\n\n\n<p>Bienvenue chez&nbsp;<strong>CR Immobilier<\/strong>, votre partenaire privil\u00e9gi\u00e9 pour tous vos projets immobiliers \u00e0 Sedan et ses alentours.<\/p>\n\n\n\n<p>Situ\u00e9e au&nbsp;<strong>8 Avenue du Mar\u00e9chal Leclerc \u00e0 Sedan<\/strong>, notre agence vous accompagne avec professionnalisme, transparence et efficacit\u00e9 dans la vente, l\u2019achat et l\u2019estimation de votre bien.<\/p>\n\n\n\n<h3 class=\"wp-block-heading\">Pourquoi choisir CR Immobilier ?<\/h3>\n\n\n\n<p>\u2714 Une parfaite connaissance du march\u00e9 local<br>\u2714 Un accompagnement personnalis\u00e9 de A \u00e0 Z<br>\u2714 Une estimation offerte et sans engagement<br>\u2714 Une \u00e9quipe dynamique et r\u00e9active<\/p>\n\n\n\n<p>Chez CR Immobilier, chaque projet est unique. Notre mission : vous aider \u00e0 vendre au meilleur prix ou \u00e0 trouver le bien qui correspond parfaitement \u00e0 vos attentes.<\/p>\n\n\n\n<p>\ud83d\udc49&nbsp;<strong>D\u00e9couvrez nos <\/strong><a href=\"https:\/\/site28.monsitecommeunpro.fr\/?page_id=34\"><strong>biens \u00e0 vendre<\/strong> <\/a><br><\/p>\n\n\n\n<h2 class=\"wp-block-heading\"><strong><em>VOUS \u00caTES VENDEUR ?<\/em><\/strong><\/h2>\n\n\n\n<p><strong><em>N&rsquo;ATTENDEZ PLUS !<\/em><\/strong><\/p>\n\n\n\n<p>Notre agence vous accompagne dans l&rsquo;estimation de votre bien et met toutes ses comp\u00e9tences au service d&rsquo;une \u00e9valuation immobili\u00e8re pr\u00e9cise, en phase avec la r\u00e9alit\u00e9 du march\u00e9 immobilier.&nbsp;<br><br>N&rsquo;attendez plus et faites appel \u00e0 notre \u00e9quipe pour concr\u00e9tiser la vente de votre bien par nos soins.<\/p>\n\n\n\n<p><\/p>\n\n\n\n<div class=\"wp-block-uagb-buttons uagb-buttons__outer-wrap uagb-btn__default-btn uagb-btn-tablet__default-btn uagb-btn-mobile__default-btn uagb-block-764f9d5e\"><div class=\"uagb-buttons__wrap uagb-buttons-layout-wrap \">\n<div class=\"wp-block-uagb-buttons-child uagb-buttons__outer-wrap uagb-block-6fd6ba65 wp-block-button\"><div class=\"uagb-button__wrapper\"><a class=\"uagb-buttons-repeater wp-block-button__link\" aria-label=\"\" href=\"https:\/\/site28.monsitecommeunpro.fr\/?page_id=40\" rel=\"follow noopener\" target=\"_blank\" role=\"button\"><div class=\"uagb-button__link\">Estimez votre bien d\u00e8s \u00e0 pr\u00e9sent <\/div><\/a><\/div><\/div>\n<\/div><\/div>\n\n\n\n<h2 class=\"wp-block-heading\">\u2b50 Ce que disent nos clients avec notre agence immobili\u00e8re <\/h2>\n\n\n\n<p>Parce que votre satisfaction est notre priorit\u00e9, nous sommes fiers de la confiance que nous accordent nos clients :<\/p>\n\n\n\n<blockquote class=\"wp-block-quote is-layout-flow wp-block-quote-is-layout-flow\">\n<p><em>\u201cUne \u00e9quipe professionnelle et tr\u00e8s r\u00e9active. Notre maison a \u00e9t\u00e9 vendue rapidement et au prix estim\u00e9. Merci \u00e0 CR Immobilier !\u201d<\/em><br>\u2014 Mme D., Sedan<\/p>\n<\/blockquote>\n\n\n\n<blockquote class=\"wp-block-quote is-layout-flow wp-block-quote-is-layout-flow\">\n<p><em>\u201cExcellent accompagnement du d\u00e9but \u00e0 la fin. Toujours disponible pour r\u00e9pondre \u00e0 nos questions.\u201d<\/em><br>\u2014 M. et Mme L., Charleville-M\u00e9zi\u00e8res<\/p>\n<\/blockquote>\n\n\n\n<blockquote class=\"wp-block-quote is-layout-flow wp-block-quote-is-layout-flow\">\n<p><em>\u201cUne estimation juste et un suivi s\u00e9rieux. Je recommande vivement cette agence.\u201d<\/em><br>\u2014 M. R., Sedan<\/p>\n<\/blockquote>\n\n\n\n<h3 class=\"wp-block-heading\">\ud83c\udfc6 Nos biens prestigieux vendus<\/h3>\n\n\n\n<p>CR Immobilier a accompagn\u00e9 la vente de biens d\u2019exception \u00e0 Sedan et ses environs.<\/p>\n\n\n\n<p>Ces ventes refl\u00e8tent notre expertise, notre s\u00e9rieux et la confiance de nos clients.<\/p>\n\n\n\n<p>D\u00e9couvrez ci-dessous quelques-unes de nos plus belles r\u00e9alisations.<\/p>\n\n\n\n<figure class=\"wp-block-gallery has-nested-images columns-default is-cropped wp-block-gallery-1 is-layout-flex wp-block-gallery-is-layout-flex\">\n<figure class=\"wp-block-image size-large\"><img loading=\"lazy\" decoding=\"async\" width=\"592\" height=\"395\" data-id=\"125\" src=\"https:\/\/site28.monsitecommeunpro.fr\/wp-content\/uploads\/2026\/03\/Image-5.jpeg\" alt=\"\" class=\"wp-image-125\" srcset=\"https:\/\/site28.monsitecommeunpro.fr\/wp-content\/uploads\/2026\/03\/Image-5.jpeg 592w, https:\/\/site28.monsitecommeunpro.fr\/wp-content\/uploads\/2026\/03\/Image-5-300x200.jpeg 300w\" sizes=\"auto, (max-width: 592px) 100vw, 592px\" \/><\/figure>\n\n\n\n<figure class=\"wp-block-image size-large\"><img loading=\"lazy\" decoding=\"async\" width=\"512\" height=\"341\" data-id=\"124\" src=\"https:\/\/site28.monsitecommeunpro.fr\/wp-content\/uploads\/2026\/03\/Image-6.jpeg\" alt=\"\" class=\"wp-image-124\" srcset=\"https:\/\/site28.monsitecommeunpro.fr\/wp-content\/uploads\/2026\/03\/Image-6.jpeg 512w, https:\/\/site28.monsitecommeunpro.fr\/wp-content\/uploads\/2026\/03\/Image-6-300x200.jpeg 300w\" sizes=\"auto, (max-width: 512px) 100vw, 512px\" \/><\/figure>\n\n\n\n<figure class=\"wp-block-image size-large\"><img loading=\"lazy\" decoding=\"async\" width=\"768\" height=\"576\" data-id=\"122\" src=\"https:\/\/site28.monsitecommeunpro.fr\/wp-content\/uploads\/2026\/03\/Image-7.jpeg\" alt=\"\" class=\"wp-image-122\" srcset=\"https:\/\/site28.monsitecommeunpro.fr\/wp-content\/uploads\/2026\/03\/Image-7.jpeg 768w, https:\/\/site28.monsitecommeunpro.fr\/wp-content\/uploads\/2026\/03\/Image-7-300x225.jpeg 300w\" sizes=\"auto, (max-width: 768px) 100vw, 768px\" \/><\/figure>\n\n\n\n<figure class=\"wp-block-image size-large\"><img loading=\"lazy\" decoding=\"async\" width=\"512\" height=\"342\" data-id=\"123\" src=\"https:\/\/site28.monsitecommeunpro.fr\/wp-content\/uploads\/2026\/03\/Image-8.jpeg\" alt=\"\" class=\"wp-image-123\" srcset=\"https:\/\/site28.monsitecommeunpro.fr\/wp-content\/uploads\/2026\/03\/Image-8.jpeg 512w, https:\/\/site28.monsitecommeunpro.fr\/wp-content\/uploads\/2026\/03\/Image-8-300x200.jpeg 300w\" sizes=\"auto, (max-width: 512px) 100vw, 512px\" \/><\/figure>\n<\/figure>\n\n\n\n<p><\/p>\n\n\n\n<p>Vous souhaitez savoir le prix du M2 de votre commune : <a href=\"https:\/\/www.meilleursagents.com\/prix-immobilier\/charleville-mezieres-08000\/\" type=\"link\" id=\"https:\/\/www.meilleursagents.com\/prix-immobilier\/charleville-mezieres-08000\/\">cliquez ici <\/a><\/p>\n\n\n\n<p><\/p>\n","protected":false},"excerpt":{"rendered":"<p>\ud83c\udfe0 CR IMMOBILIER Fermeture exceptionnelle \u2013 Pont de l\u2019Ascension \u00c0 l\u2019occasion du pont de l\u2019Ascension, notre agence&nbsp;CR IMMOBILIER&nbsp;sera exceptionnellement ferm\u00e9e [&hellip;]<\/p>\n","protected":false},"author":1,"featured_media":0,"parent":0,"menu_order":0,"comment_status":"closed","ping_status":"closed","template":"","meta":{"_uag_custom_page_level_css":"","site-sidebar-layout":"no-sidebar","site-content-layout":"plain-container","ast-site-content-layout":"default","site-content-style":"default","site-sidebar-style":"default","ast-global-header-display":"","ast-banner-title-visibility":"","ast-main-header-display":"","ast-hfb-above-header-display":"","ast-hfb-below-header-display":"","ast-hfb-mobile-header-display":"","site-post-title":"disabled","ast-breadcrumbs-content":"","ast-featured-img":"","footer-sml-layout":"","theme-transparent-header-meta":"enabled","adv-header-id-meta":"","stick-header-meta":"","header-above-stick-meta":"","header-main-stick-meta":"","header-below-stick-meta":"","astra-migrate-meta-layouts":"default","ast-page-background-enabled":"default","ast-page-background-meta":{"desktop":{"background-color":"var(--ast-global-color-5)","background-image":"","background-repeat":"repeat","background-position":"center center","background-size":"auto","background-attachment":"scroll","background-type":"","background-media":"","overlay-type":"","overlay-color":"","overlay-opacity":"","overlay-gradient":""},"tablet":{"background-color":"","background-image":"","background-repeat":"repeat","background-position":"center center","background-size":"auto","background-attachment":"scroll","background-type":"","background-media":"","overlay-type":"","overlay-color":"","overlay-opacity":"","overlay-gradient":""},"mobile":{"background-color":"","background-image":"","background-repeat":"repeat","background-position":"center center","background-size":"auto","background-attachment":"scroll","background-type":"","background-media":"","overlay-type":"","overlay-color":"","overlay-opacity":"","overlay-gradient":""}},"ast-content-background-meta":{"desktop":{"background-color":"var(--ast-global-color-4)","background-image":"","background-repeat":"repeat","background-position":"center center","background-size":"auto","background-attachment":"scroll","background-type":"","background-media":"","overlay-type":"","overlay-color":"","overlay-opacity":"","overlay-gradient":""},"tablet":{"background-color":"var(--ast-global-color-4)","background-image":"","background-repeat":"repeat","background-position":"center center","background-size":"auto","background-attachment":"scroll","background-type":"","background-media":"","overlay-type":"","overlay-color":"","overlay-opacity":"","overlay-gradient":""},"mobile":{"background-color":"var(--ast-global-color-4)","background-image":"","background-repeat":"repeat","background-position":"center center","background-size":"auto","background-attachment":"scroll","background-type":"","background-media":"","overlay-type":"","overlay-color":"","overlay-opacity":"","overlay-gradient":""}},"footnotes":""},"class_list":["post-9","page","type-page","status-publish","hentry"],"yoast_head":"<!-- This site is optimized with the Yoast SEO plugin v27.0 - https:\/\/yoast.com\/product\/yoast-seo-wordpress\/ -->\n<title>Agence immobili\u00e8re CR IMMOBILIER<\/title>\n<meta name=\"description\" content=\"Votre agence immobili\u00e8re de confiance \u00e0 Sedan ! Bienvenue chez\u00a0CR Immobilier, votre partenaire pour tous vos projets immobiliers.\" \/>\n<meta name=\"robots\" content=\"index, follow, max-snippet:-1, max-image-preview:large, max-video-preview:-1\" \/>\n<link rel=\"canonical\" href=\"https:\/\/site28.monsitecommeunpro.fr\/\" \/>\n<meta property=\"og:locale\" content=\"fr_FR\" \/>\n<meta property=\"og:type\" content=\"article\" \/>\n<meta property=\"og:title\" content=\"Agence immobili\u00e8re CR IMMOBILIER\" \/>\n<meta property=\"og:description\" content=\"Votre agence immobili\u00e8re de confiance \u00e0 Sedan ! Bienvenue chez\u00a0CR Immobilier, votre partenaire pour tous vos projets immobiliers.\" \/>\n<meta property=\"og:url\" content=\"https:\/\/site28.monsitecommeunpro.fr\/\" \/>\n<meta property=\"article:modified_time\" content=\"2026-04-27T09:45:41+00:00\" \/>\n<meta property=\"og:image\" content=\"https:\/\/site28.monsitecommeunpro.fr\/wp-content\/uploads\/2026\/03\/Image-5.jpeg\" \/>\n\t<meta property=\"og:image:width\" content=\"592\" \/>\n\t<meta property=\"og:image:height\" content=\"395\" \/>\n\t<meta property=\"og:image:type\" content=\"image\/jpeg\" \/>\n<meta name=\"twitter:card\" content=\"summary_large_image\" \/>\n<meta name=\"twitter:label1\" content=\"Dur\u00e9e de lecture estim\u00e9e\" \/>\n\t<meta name=\"twitter:data1\" content=\"3 minutes\" \/>\n<script type=\"application\/ld+json\" class=\"yoast-schema-graph\">{\"@context\":\"https:\/\/schema.org\",\"@graph\":[{\"@type\":\"WebPage\",\"@id\":\"https:\/\/site28.monsitecommeunpro.fr\/\",\"url\":\"https:\/\/site28.monsitecommeunpro.fr\/\",\"name\":\"Agence immobili\u00e8re CR IMMOBILIER\",\"isPartOf\":{\"@id\":\"https:\/\/site28.monsitecommeunpro.fr\/#website\"},\"primaryImageOfPage\":{\"@id\":\"https:\/\/site28.monsitecommeunpro.fr\/#primaryimage\"},\"image\":{\"@id\":\"https:\/\/site28.monsitecommeunpro.fr\/#primaryimage\"},\"thumbnailUrl\":\"https:\/\/site28.monsitecommeunpro.fr\/wp-content\/uploads\/2026\/03\/Image-5.jpeg\",\"datePublished\":\"2026-03-02T07:45:53+00:00\",\"dateModified\":\"2026-04-27T09:45:41+00:00\",\"description\":\"Votre agence immobili\u00e8re de confiance \u00e0 Sedan ! Bienvenue chez\u00a0CR Immobilier, votre partenaire pour tous vos projets immobiliers.\",\"breadcrumb\":{\"@id\":\"https:\/\/site28.monsitecommeunpro.fr\/#breadcrumb\"},\"inLanguage\":\"fr-FR\",\"potentialAction\":[{\"@type\":\"ReadAction\",\"target\":[\"https:\/\/site28.monsitecommeunpro.fr\/\"]}]},{\"@type\":\"ImageObject\",\"inLanguage\":\"fr-FR\",\"@id\":\"https:\/\/site28.monsitecommeunpro.fr\/#primaryimage\",\"url\":\"https:\/\/site28.monsitecommeunpro.fr\/wp-content\/uploads\/2026\/03\/Image-5.jpeg\",\"contentUrl\":\"https:\/\/site28.monsitecommeunpro.fr\/wp-content\/uploads\/2026\/03\/Image-5.jpeg\",\"width\":592,\"height\":395},{\"@type\":\"BreadcrumbList\",\"@id\":\"https:\/\/site28.monsitecommeunpro.fr\/#breadcrumb\",\"itemListElement\":[{\"@type\":\"ListItem\",\"position\":1,\"name\":\"Accueil\",\"item\":\"https:\/\/site28.monsitecommeunpro.fr\/\"},{\"@type\":\"ListItem\",\"position\":2,\"name\":\"Page d&rsquo;accueil\"}]},{\"@type\":\"WebSite\",\"@id\":\"https:\/\/site28.monsitecommeunpro.fr\/#website\",\"url\":\"https:\/\/site28.monsitecommeunpro.fr\/\",\"name\":\"\",\"description\":\"\",\"potentialAction\":[{\"@type\":\"SearchAction\",\"target\":{\"@type\":\"EntryPoint\",\"urlTemplate\":\"https:\/\/site28.monsitecommeunpro.fr\/?s={search_term_string}\"},\"query-input\":{\"@type\":\"PropertyValueSpecification\",\"valueRequired\":true,\"valueName\":\"search_term_string\"}}],\"inLanguage\":\"fr-FR\"}]}<\/script>\n<!-- \/ Yoast SEO plugin. -->","yoast_head_json":{"title":"Agence immobili\u00e8re CR IMMOBILIER","description":"Votre agence immobili\u00e8re de confiance \u00e0 Sedan ! Bienvenue chez\u00a0CR Immobilier, votre partenaire pour tous vos projets immobiliers.","robots":{"index":"index","follow":"follow","max-snippet":"max-snippet:-1","max-image-preview":"max-image-preview:large","max-video-preview":"max-video-preview:-1"},"canonical":"https:\/\/site28.monsitecommeunpro.fr\/","og_locale":"fr_FR","og_type":"article","og_title":"Agence immobili\u00e8re CR IMMOBILIER","og_description":"Votre agence immobili\u00e8re de confiance \u00e0 Sedan ! Bienvenue chez\u00a0CR Immobilier, votre partenaire pour tous vos projets immobiliers.","og_url":"https:\/\/site28.monsitecommeunpro.fr\/","article_modified_time":"2026-04-27T09:45:41+00:00","og_image":[{"width":592,"height":395,"url":"https:\/\/site28.monsitecommeunpro.fr\/wp-content\/uploads\/2026\/03\/Image-5.jpeg","type":"image\/jpeg"}],"twitter_card":"summary_large_image","twitter_misc":{"Dur\u00e9e de lecture estim\u00e9e":"3 minutes"},"schema":{"@context":"https:\/\/schema.org","@graph":[{"@type":"WebPage","@id":"https:\/\/site28.monsitecommeunpro.fr\/","url":"https:\/\/site28.monsitecommeunpro.fr\/","name":"Agence immobili\u00e8re CR IMMOBILIER","isPartOf":{"@id":"https:\/\/site28.monsitecommeunpro.fr\/#website"},"primaryImageOfPage":{"@id":"https:\/\/site28.monsitecommeunpro.fr\/#primaryimage"},"image":{"@id":"https:\/\/site28.monsitecommeunpro.fr\/#primaryimage"},"thumbnailUrl":"https:\/\/site28.monsitecommeunpro.fr\/wp-content\/uploads\/2026\/03\/Image-5.jpeg","datePublished":"2026-03-02T07:45:53+00:00","dateModified":"2026-04-27T09:45:41+00:00","description":"Votre agence immobili\u00e8re de confiance \u00e0 Sedan ! Bienvenue chez\u00a0CR Immobilier, votre partenaire pour tous vos projets immobiliers.","breadcrumb":{"@id":"https:\/\/site28.monsitecommeunpro.fr\/#breadcrumb"},"inLanguage":"fr-FR","potentialAction":[{"@type":"ReadAction","target":["https:\/\/site28.monsitecommeunpro.fr\/"]}]},{"@type":"ImageObject","inLanguage":"fr-FR","@id":"https:\/\/site28.monsitecommeunpro.fr\/#primaryimage","url":"https:\/\/site28.monsitecommeunpro.fr\/wp-content\/uploads\/2026\/03\/Image-5.jpeg","contentUrl":"https:\/\/site28.monsitecommeunpro.fr\/wp-content\/uploads\/2026\/03\/Image-5.jpeg","width":592,"height":395},{"@type":"BreadcrumbList","@id":"https:\/\/site28.monsitecommeunpro.fr\/#breadcrumb","itemListElement":[{"@type":"ListItem","position":1,"name":"Accueil","item":"https:\/\/site28.monsitecommeunpro.fr\/"},{"@type":"ListItem","position":2,"name":"Page d&rsquo;accueil"}]},{"@type":"WebSite","@id":"https:\/\/site28.monsitecommeunpro.fr\/#website","url":"https:\/\/site28.monsitecommeunpro.fr\/","name":"","description":"","potentialAction":[{"@type":"SearchAction","target":{"@type":"EntryPoint","urlTemplate":"https:\/\/site28.monsitecommeunpro.fr\/?s={search_term_string}"},"query-input":{"@type":"PropertyValueSpecification","valueRequired":true,"valueName":"search_term_string"}}],"inLanguage":"fr-FR"}]}},"uagb_featured_image_src":{"full":false,"thumbnail":false,"medium":false,"medium_large":false,"large":false,"1536x1536":false,"2048x2048":false},"uagb_author_info":{"display_name":"admin","author_link":"https:\/\/site28.monsitecommeunpro.fr\/?author=1"},"uagb_comment_info":0,"uagb_excerpt":"\ud83c\udfe0 CR IMMOBILIER Fermeture exceptionnelle \u2013 Pont de l\u2019Ascension \u00c0 l\u2019occasion du pont de l\u2019Ascension, notre agence&nbsp;CR IMMOBILIER&nbsp;sera exceptionnellement ferm\u00e9e [&hellip;]","_links":{"self":[{"href":"https:\/\/site28.monsitecommeunpro.fr\/index.php?rest_route=\/wp\/v2\/pages\/9","targetHints":{"allow":["GET"]}}],"collection":[{"href":"https:\/\/site28.monsitecommeunpro.fr\/index.php?rest_route=\/wp\/v2\/pages"}],"about":[{"href":"https:\/\/site28.monsitecommeunpro.fr\/index.php?rest_route=\/wp\/v2\/types\/page"}],"author":[{"embeddable":true,"href":"https:\/\/site28.monsitecommeunpro.fr\/index.php?rest_route=\/wp\/v2\/users\/1"}],"replies":[{"embeddable":true,"href":"https:\/\/site28.monsitecommeunpro.fr\/index.php?rest_route=%2Fwp%2Fv2%2Fcomments&post=9"}],"version-history":[{"count":13,"href":"https:\/\/site28.monsitecommeunpro.fr\/index.php?rest_route=\/wp\/v2\/pages\/9\/revisions"}],"predecessor-version":[{"id":247,"href":"https:\/\/site28.monsitecommeunpro.fr\/index.php?rest_route=\/wp\/v2\/pages\/9\/revisions\/247"}],"wp:attachment":[{"href":"https:\/\/site28.monsitecommeunpro.fr\/index.php?rest_route=%2Fwp%2Fv2%2Fmedia&parent=9"}],"curies":[{"name":"wp","href":"https:\/\/api.w.org\/{rel}","templated":true}]}}